{"id":126,"date":"2010-12-21T00:53:28","date_gmt":"2010-12-20T23:53:28","guid":{"rendered":"http:\/\/merlinerie.com\/wp-sourde\/wordpress\/?page_id=126"},"modified":"2010-12-21T00:53:41","modified_gmt":"2010-12-20T23:53:41","slug":"extrait","status":"publish","type":"page","link":"https:\/\/sourdeencentresdappels.merlinerie.com\/?page_id=126","title":{"rendered":"Extrait"},"content":{"rendered":"<p><strong>\u00ab\u00a0Aujourd\u2019hui, tout le monde devrait pouvoir communiquer comme il l\u2019entend\u00a0\u00bb.<\/strong><\/p>\n<p><em>\u00ab\u00a0Pr\u00e8s de douze millions de personnes en France \u00e9prouvent une g\u00eane \u00e0 communiquer dans leur vie quotidienne, parce que leur audition, leur parole, leur vue ou leur motricit\u00e9 sont d\u00e9faillantes. Douze millions de personnes que leur handicap, grand ou petit, isole.<\/em><\/p>\n<p><em>Pour que les technologies contribuent \u00e0 mieux les int\u00e9grer et \u00e0 leur faciliter la vie, France T\u00e9l\u00e9com prend en compte le handicap dans la conception m\u00eame de ses produits en adaptant les offres grand public aux besoins des personnes concern\u00e9es, mais aussi en d\u00e9veloppant des outils et services de communication d\u00e9di\u00e9s \u00e0 chaque handicap.(\u2026)<\/em><\/p>\n<p><em>Lorsque le progr\u00e8s n\u2019oublie personne en chemin, il se montre encore plus utile pour tous.<\/em><\/p>\n<p><em>Le futur et toutes les raisons d\u2019y croire.\u00a0\u00bb<\/em><\/p>\n<p>Un manager cloua cette affiche derri\u00e8re mon poste de travail, alors que j\u2019\u00e9tais sur le centre d\u2019appels. Cette affiche \u00e9tait compos\u00e9e d\u2019une multitude de photos repr\u00e9sentant une personne parlant en Langue des Signes Fran\u00e7aise. J\u2019imagine que ce manager avait voulu, par son geste, me dire que le groupe France T\u00e9l\u00e9com s\u2019occupait des personnes sourdes. (\u2026)<\/p>\n<p>Ce jour-l\u00e0 de printemps 2006, je m\u2019observai sur ce plateau, dans le bruit, avec mes acouph\u00e8nes hurlants, sentant mes appareils au creux de mes oreilles et je regardai cette affiche. L\u2019antagonisme entre ma situation de travail et le tableau dress\u00e9 par la campagne publicitaire \u00e9tait tr\u00e8s parlant du d\u00e9calage total entre le discours officiel et la r\u00e9alit\u00e9 du terrain. C\u2019est ce jour-l\u00e0 que j\u2019ai d\u00e9cid\u00e9 de reprendre les \u00e9tudes.<\/p>\n<p>Ma col\u00e8re est devenue paroxystique. En guise de d\u00e9fouloir, j\u2019ai fait un copier-coller de mon portrait sur le visage de la signeuse.<\/p>\n","protected":false},"excerpt":{"rendered":"<p>\u00ab\u00a0Aujourd\u2019hui, tout le monde devrait pouvoir communiquer comme il l\u2019entend\u00a0\u00bb. \u00ab\u00a0Pr\u00e8s de douze millions de personnes en France \u00e9prouvent une g\u00eane \u00e0 communiquer dans leur vie quotidienne, parce que leur audition, leur parole, leur vue ou leur motricit\u00e9 sont d\u00e9faillantes.&hellip;<\/p>\n<p class=\"more-link-p\"><a class=\"more-link\" href=\"https:\/\/sourdeencentresdappels.merlinerie.com\/?page_id=126\">Read more &rarr;<\/a><\/p>\n","protected":false},"author":1,"featured_media":0,"parent":0,"menu_order":1,"comment_status":"closed","ping_status":"closed","template":"","meta":{"footnotes":""},"class_list":["post-126","page","type-page","status-publish","hentry"],"_links":{"self":[{"href":"https:\/\/sourdeencentresdappels.merlinerie.com\/index.php?rest_route=\/wp\/v2\/pages\/126","targetHints":{"allow":["GET"]}}],"collection":[{"href":"https:\/\/sourdeencentresdappels.merlinerie.com\/index.php?rest_route=\/wp\/v2\/pages"}],"about":[{"href":"https:\/\/sourdeencentresdappels.merlinerie.com\/index.php?rest_route=\/wp\/v2\/types\/page"}],"author":[{"embeddable":true,"href":"https:\/\/sourdeencentresdappels.merlinerie.com\/index.php?rest_route=\/wp\/v2\/users\/1"}],"replies":[{"embeddable":true,"href":"https:\/\/sourdeencentresdappels.merlinerie.com\/index.php?rest_route=%2Fwp%2Fv2%2Fcomments&post=126"}],"version-history":[{"count":2,"href":"https:\/\/sourdeencentresdappels.merlinerie.com\/index.php?rest_route=\/wp\/v2\/pages\/126\/revisions"}],"predecessor-version":[{"id":128,"href":"https:\/\/sourdeencentresdappels.merlinerie.com\/index.php?rest_route=\/wp\/v2\/pages\/126\/revisions\/128"}],"wp:attachment":[{"href":"https:\/\/sourdeencentresdappels.merlinerie.com\/index.php?rest_route=%2Fwp%2Fv2%2Fmedia&parent=126"}],"curies":[{"name":"wp","href":"https:\/\/api.w.org\/{rel}","templated":true}]}}